{"version":"1.0","provider_name":"Folha Popular","provider_url":"https:\/\/folhapopular.info","author_name":"Reda\u00e7\u00e3o Folha Popular","author_url":"https:\/\/folhapopular.info\/index.php\/author\/redacao\/","title":"Regional Aslivata ser\u00e1 lan\u00e7ado amanh\u00e3 - Folha Popular","type":"rich","width":600,"height":338,"html":"<blockquote class=\"wp-embedded-content\" data-secret=\"Gq4iy2I6UO\"><a href=\"https:\/\/folhapopular.info\/index.php\/2018\/07\/25\/regional-aslivata-sera-lancado-amanha\/\">Regional Aslivata ser\u00e1 lan\u00e7ado amanh\u00e3<\/a><\/blockquote><iframe sandbox=\"allow-scripts\" security=\"restricted\" src=\"https:\/\/folhapopular.info\/index.php\/2018\/07\/25\/regional-aslivata-sera-lancado-amanha\/embed\/#?secret=Gq4iy2I6UO\" width=\"600\" height=\"338\" title=\"&#8220;Regional Aslivata ser\u00e1 lan\u00e7ado amanh\u00e3&#8221; &#8212; Folha Popular\" data-secret=\"Gq4iy2I6UO\" frameborder=\"0\" marginwidth=\"0\" marginheight=\"0\" scrolling=\"no\" class=\"wp-embedded-content\"><\/iframe><script type=\"text\/javascript\">\n\/* <![CDATA[ *\/\n\/*! This file is auto-generated *\/\n!function(d,l){\"use strict\";l.querySelector&&d.addEventListener&&\"undefined\"!=typeof URL&&(d.wp=d.wp||{},d.wp.receiveEmbedMessage||(d.wp.receiveEmbedMessage=function(e){var t=e.data;if((t||t.secret||t.message||t.value)&&!\/[^a-zA-Z0-9]\/.test(t.secret)){for(var s,r,n,a=l.querySelectorAll('iframe[data-secret=\"'+t.secret+'\"]'),o=l.querySelectorAll('blockquote[data-secret=\"'+t.secret+'\"]'),c=new RegExp(\"^https?:$\",\"i\"),i=0;i<o.length;i++)o[i].style.display=\"none\";for(i=0;i<a.length;i++)s=a[i],e.source===s.contentWindow&&(s.removeAttribute(\"style\"),\"height\"===t.message?(1e3<(r=parseInt(t.value,10))?r=1e3:~~r<200&&(r=200),s.height=r):\"link\"===t.message&&(r=new URL(s.getAttribute(\"src\")),n=new URL(t.value),c.test(n.protocol))&&n.host===r.host&&l.activeElement===s&&(d.top.location.href=t.value))}},d.addEventListener(\"message\",d.wp.receiveEmbedMessage,!1),l.addEventListener(\"DOMContentLoaded\",function(){for(var e,t,s=l.querySelectorAll(\"iframe.wp-embedded-content\"),r=0;r<s.length;r++)(t=(e=s[r]).getAttribute(\"data-secret\"))||(t=Math.random().toString(36).substring(2,12),e.src+=\"#?secret=\"+t,e.setAttribute(\"data-secret\",t)),e.contentWindow.postMessage({message:\"ready\",secret:t},\"*\")},!1)))}(window,document);\n\/\/# sourceURL=https:\/\/folhapopular.info\/wp-includes\/js\/wp-embed.min.js\n\/* ]]> *\/\n<\/script>\n","thumbnail_url":"https:\/\/folhapopular.info\/wp-content\/uploads\/2018\/07\/WhatsApp-Image-2018-07-12-at-20.06.38-1068x801-1-e1532527073219.jpeg","thumbnail_width":800,"thumbnail_height":600,"description":"A Associa\u00e7\u00e3o de Ligas do Vale do Taquari &#8211; ASLIVATA realizar\u00e1 cerim\u00f4nia de lan\u00e7amento da 21\u00aa Copa Certel\/Sicredi nesta quinta-feira (26\/07). O evento inicia \u00e0s 19h30min, na Sede Social do Clube dos Quinze, situada na\u00a0Rua Irmando R. Weisheimer, 390, Bairro Montanha &#8211; Lajeado\/RS. Na oportunidade ser\u00e3o lan\u00e7adas a S\u00e9ries A e B e a categoria [&hellip;]"}