{"version":"1.0","provider_name":"Folha Popular","provider_url":"https:\/\/folhapopular.info","author_name":"Reda\u00e7\u00e3o Folha Popular","author_url":"https:\/\/folhapopular.info\/index.php\/author\/redacao\/","title":"Jaque Weber fica em quarto lugar na B\u00e9lgica - Folha Popular","type":"rich","width":600,"height":338,"html":"<blockquote class=\"wp-embedded-content\" data-secret=\"kCNgSqH3Va\"><a href=\"https:\/\/folhapopular.info\/index.php\/2022\/05\/31\/jaque-weber-fica-em-quarto-lugar-na-belgica\/\">Jaque Weber fica em quarto lugar na B\u00e9lgica<\/a><\/blockquote><iframe sandbox=\"allow-scripts\" security=\"restricted\" src=\"https:\/\/folhapopular.info\/index.php\/2022\/05\/31\/jaque-weber-fica-em-quarto-lugar-na-belgica\/embed\/#?secret=kCNgSqH3Va\" width=\"600\" height=\"338\" title=\"&#8220;Jaque Weber fica em quarto lugar na B\u00e9lgica&#8221; &#8212; Folha Popular\" data-secret=\"kCNgSqH3Va\" frameborder=\"0\" marginwidth=\"0\" marginheight=\"0\" scrolling=\"no\" class=\"wp-embedded-content\"><\/iframe><script type=\"text\/javascript\">\n\/* <![CDATA[ *\/\n\/*! This file is auto-generated *\/\n!function(d,l){\"use strict\";l.querySelector&&d.addEventListener&&\"undefined\"!=typeof URL&&(d.wp=d.wp||{},d.wp.receiveEmbedMessage||(d.wp.receiveEmbedMessage=function(e){var t=e.data;if((t||t.secret||t.message||t.value)&&!\/[^a-zA-Z0-9]\/.test(t.secret)){for(var s,r,n,a=l.querySelectorAll('iframe[data-secret=\"'+t.secret+'\"]'),o=l.querySelectorAll('blockquote[data-secret=\"'+t.secret+'\"]'),c=new RegExp(\"^https?:$\",\"i\"),i=0;i<o.length;i++)o[i].style.display=\"none\";for(i=0;i<a.length;i++)s=a[i],e.source===s.contentWindow&&(s.removeAttribute(\"style\"),\"height\"===t.message?(1e3<(r=parseInt(t.value,10))?r=1e3:~~r<200&&(r=200),s.height=r):\"link\"===t.message&&(r=new URL(s.getAttribute(\"src\")),n=new URL(t.value),c.test(n.protocol))&&n.host===r.host&&l.activeElement===s&&(d.top.location.href=t.value))}},d.addEventListener(\"message\",d.wp.receiveEmbedMessage,!1),l.addEventListener(\"DOMContentLoaded\",function(){for(var e,t,s=l.querySelectorAll(\"iframe.wp-embedded-content\"),r=0;r<s.length;r++)(t=(e=s[r]).getAttribute(\"data-secret\"))||(t=Math.random().toString(36).substring(2,12),e.src+=\"#?secret=\"+t,e.setAttribute(\"data-secret\",t)),e.contentWindow.postMessage({message:\"ready\",secret:t},\"*\")},!1)))}(window,document);\n\/\/# sourceURL=https:\/\/folhapopular.info\/wp-includes\/js\/wp-embed.min.js\n\/* ]]> *\/\n<\/script>\n","thumbnail_url":"http:\/\/folhapopular.info\/wp-content\/uploads\/2022\/05\/2022_05_31_Jaque-Weber_Divulgacao.jpeg","thumbnail_width":1080,"thumbnail_height":1080,"description":"A atleta teutoniense Jaque Weber participou dos 800 metros do World Athletics Continental Tour, em Oordegem, na B\u00e9lgica. O evento fez parte do circuito mundial e pontua para o ranking. Jaque finalizou sua s\u00e9rie na quarta posi\u00e7\u00e3o, com a marca de 2min4seg. \u201cFoi uma prova diferente. O n\u00edvel t\u00e9cnico estava \u00f3timo, mas tinham 12 meninas, [&hellip;]"}