{"version":"1.0","provider_name":"Folha Popular","provider_url":"https:\/\/folhapopular.info","author_name":"Reda\u00e7\u00e3o Folha Popular","author_url":"https:\/\/folhapopular.info\/index.php\/author\/redacao\/","title":"Trem dos Vales retoma viagens com passeio solid\u00e1rio - Folha Popular","type":"rich","width":600,"height":338,"html":"<blockquote class=\"wp-embedded-content\" data-secret=\"3nUC78YtfT\"><a href=\"https:\/\/folhapopular.info\/index.php\/2023\/09\/22\/trem-dos-vales-retoma-viagens-com-passeio-solidario\/\">Trem dos Vales retoma viagens com passeio solid\u00e1rio<\/a><\/blockquote><iframe sandbox=\"allow-scripts\" security=\"restricted\" src=\"https:\/\/folhapopular.info\/index.php\/2023\/09\/22\/trem-dos-vales-retoma-viagens-com-passeio-solidario\/embed\/#?secret=3nUC78YtfT\" width=\"600\" height=\"338\" title=\"&#8220;Trem dos Vales retoma viagens com passeio solid\u00e1rio&#8221; &#8212; Folha Popular\" data-secret=\"3nUC78YtfT\" frameborder=\"0\" marginwidth=\"0\" marginheight=\"0\" scrolling=\"no\" class=\"wp-embedded-content\"><\/iframe><script type=\"text\/javascript\">\n\/* <![CDATA[ *\/\n\/*! This file is auto-generated *\/\n!function(d,l){\"use strict\";l.querySelector&&d.addEventListener&&\"undefined\"!=typeof URL&&(d.wp=d.wp||{},d.wp.receiveEmbedMessage||(d.wp.receiveEmbedMessage=function(e){var t=e.data;if((t||t.secret||t.message||t.value)&&!\/[^a-zA-Z0-9]\/.test(t.secret)){for(var s,r,n,a=l.querySelectorAll('iframe[data-secret=\"'+t.secret+'\"]'),o=l.querySelectorAll('blockquote[data-secret=\"'+t.secret+'\"]'),c=new RegExp(\"^https?:$\",\"i\"),i=0;i<o.length;i++)o[i].style.display=\"none\";for(i=0;i<a.length;i++)s=a[i],e.source===s.contentWindow&&(s.removeAttribute(\"style\"),\"height\"===t.message?(1e3<(r=parseInt(t.value,10))?r=1e3:~~r<200&&(r=200),s.height=r):\"link\"===t.message&&(r=new URL(s.getAttribute(\"src\")),n=new URL(t.value),c.test(n.protocol))&&n.host===r.host&&l.activeElement===s&&(d.top.location.href=t.value))}},d.addEventListener(\"message\",d.wp.receiveEmbedMessage,!1),l.addEventListener(\"DOMContentLoaded\",function(){for(var e,t,s=l.querySelectorAll(\"iframe.wp-embedded-content\"),r=0;r<s.length;r++)(t=(e=s[r]).getAttribute(\"data-secret\"))||(t=Math.random().toString(36).substring(2,12),e.src+=\"#?secret=\"+t,e.setAttribute(\"data-secret\",t)),e.contentWindow.postMessage({message:\"ready\",secret:t},\"*\")},!1)))}(window,document);\n\/\/# sourceURL=https:\/\/folhapopular.info\/wp-includes\/js\/wp-embed.min.js\n\/* ]]> *\/\n<\/script>\n","thumbnail_url":"http:\/\/folhapopular.info\/wp-content\/uploads\/2023\/09\/21171501_2098688_GDO.jpeg","thumbnail_width":800,"thumbnail_height":550,"description":"Ap\u00f3s dois fins de semana, o passeio Trem dos Vales retoma as atividades neste s\u00e1bado e domingo (23 e 24\/9). Parte do valor arrecadado na venda dos 2 mil bilhetes ser\u00e1 revertida para os munic\u00edpios ga\u00fachos atingidos pelas enchentes do in\u00edcio do m\u00eas. O an\u00fancio foi feito em reuni\u00e3o realizada nessa quinta-feira (21\/9), na Prefeitura [&hellip;]"}