{"version":"1.0","provider_name":"Folha Popular","provider_url":"https:\/\/folhapopular.info","author_name":"J\u00e9ssica Bayer","author_url":"https:\/\/folhapopular.info\/index.php\/author\/jessicad-bayergmail-com\/","title":"Ve\u00edculo capota na RS-129, em Colinas - Folha Popular","type":"rich","width":600,"height":338,"html":"<blockquote class=\"wp-embedded-content\" data-secret=\"AWusb7VqBU\"><a href=\"https:\/\/folhapopular.info\/index.php\/2025\/05\/26\/veiculo-capota-na-rs-129-em-colinas\/\">Ve\u00edculo capota na RS-129, em Colinas<\/a><\/blockquote><iframe sandbox=\"allow-scripts\" security=\"restricted\" src=\"https:\/\/folhapopular.info\/index.php\/2025\/05\/26\/veiculo-capota-na-rs-129-em-colinas\/embed\/#?secret=AWusb7VqBU\" width=\"600\" height=\"338\" title=\"&#8220;Ve\u00edculo capota na RS-129, em Colinas&#8221; &#8212; Folha Popular\" data-secret=\"AWusb7VqBU\" frameborder=\"0\" marginwidth=\"0\" marginheight=\"0\" scrolling=\"no\" class=\"wp-embedded-content\"><\/iframe><script type=\"text\/javascript\">\n\/* <![CDATA[ *\/\n\/*! This file is auto-generated *\/\n!function(d,l){\"use strict\";l.querySelector&&d.addEventListener&&\"undefined\"!=typeof URL&&(d.wp=d.wp||{},d.wp.receiveEmbedMessage||(d.wp.receiveEmbedMessage=function(e){var t=e.data;if((t||t.secret||t.message||t.value)&&!\/[^a-zA-Z0-9]\/.test(t.secret)){for(var s,r,n,a=l.querySelectorAll('iframe[data-secret=\"'+t.secret+'\"]'),o=l.querySelectorAll('blockquote[data-secret=\"'+t.secret+'\"]'),c=new RegExp(\"^https?:$\",\"i\"),i=0;i<o.length;i++)o[i].style.display=\"none\";for(i=0;i<a.length;i++)s=a[i],e.source===s.contentWindow&&(s.removeAttribute(\"style\"),\"height\"===t.message?(1e3<(r=parseInt(t.value,10))?r=1e3:~~r<200&&(r=200),s.height=r):\"link\"===t.message&&(r=new URL(s.getAttribute(\"src\")),n=new URL(t.value),c.test(n.protocol))&&n.host===r.host&&l.activeElement===s&&(d.top.location.href=t.value))}},d.addEventListener(\"message\",d.wp.receiveEmbedMessage,!1),l.addEventListener(\"DOMContentLoaded\",function(){for(var e,t,s=l.querySelectorAll(\"iframe.wp-embedded-content\"),r=0;r<s.length;r++)(t=(e=s[r]).getAttribute(\"data-secret\"))||(t=Math.random().toString(36).substring(2,12),e.src+=\"#?secret=\"+t,e.setAttribute(\"data-secret\",t)),e.contentWindow.postMessage({message:\"ready\",secret:t},\"*\")},!1)))}(window,document);\n\/\/# sourceURL=https:\/\/folhapopular.info\/wp-includes\/js\/wp-embed.min.js\n\/* ]]> *\/\n<\/script>\n","thumbnail_url":"http:\/\/folhapopular.info\/wp-content\/uploads\/2025\/05\/4bfd2441-b524-4ebb-b5fb-b358e129663a.jpeg","thumbnail_width":798,"thumbnail_height":799,"description":"Um acidente de tr\u00e2nsito foi registrado na noite deste domingo (25\/05), na RS-129, em Colinas. O Corpo de Bombeiros Volunt\u00e1rios de Imigrante e Colinas foi acionado para atender uma sa\u00edda de pista na curva do CTG Quer\u00eancia do Ga\u00facho. Por raz\u00f5es ainda desconhecidas, o condutor de um ve\u00edculo com placas de Imigrante perdeu o controle, [&hellip;]"}